{"id":33,"date":"2023-04-11T17:45:43","date_gmt":"2023-04-11T15:45:43","guid":{"rendered":"https:\/\/ambasciatapraga.esteri.it\/?page_id=33"},"modified":"2023-04-11T17:45:43","modified_gmt":"2023-04-11T15:45:43","slug":"dall_ambasciata","status":"publish","type":"page","link":"https:\/\/ambalkuwait.esteri.it\/it\/news\/dall_ambasciata\/","title":{"rendered":"Dall&#8217;Ambasciata"},"content":{"rendered":"        <div class=\"row\">\n\t\t\t<!-- Ricerca sedi post -->\n\t\t\t<div class=\"col-12 mt-4\">\n\t\t\t  <div class=\"callout callout-highlight note ricerca-esteri p-4\">\n                    <div class=\"callout-title\">\n                        <svg class=\"icon\">\n                            <use xlink:href=\"https:\/\/ambalkuwait.esteri.it\/wp-content\/themes\/sedi-tema\/assets\/svg\/sprites.svg#it-search\"><\/use>\n                        <\/svg>Inserisci i parametri di ricerca                    <\/div>\n                    <form id=\"searchFormPost\" name=\"form-search-post\" class=\"form-row align-items-center\" action=\"https:\/\/ambalkuwait.esteri.it\/it\/wp-json\/wp\/v2\/pages\/33\/\" method=\"GET\"> \n                        <!-- <div class=\"form-group pt-5\"> -->\n                            <!-- <input type=\"hidden\" id=\"lang\" name=\"lang\" value=\"\"> --> <!-- <\/div> -->\n\n                        <div class=\"it-datepicker-wrapper\">\n                            <div class=\"row\">\n                                <div class=\"form-group col-md-6\">\n                                    <label class=\"active\" for=\"date-init\">Dal<\/label>\n                                    <input class=\"form-control\" name=\"date-init\" id=\"date-init\" type=\"date\" placeholder=\"gg\/mm\/aaaa\" value=\"\"lang=\"en-EN\">  \n                                <\/div>\n                                <div class=\"form-group col-md-6\">\n                                    <label class=\"active\" for=\"date-end\">Al<\/label>\n                                    <input class=\"form-control\" name=\"date-end\" id=\"date-end\" type=\"date\" placeholder=\"gg\/mm\/aaaa\" value=\"\">\n                                <\/div>\n                            <\/div>\n                        <\/div>\n                        <div class=\"form-group col-md-12 mt-3\">\n                            <label for=\"searchText\">Campo ricerca libera<\/label>\n                            <input type=\"text\" name=\"searchText\" class=\"form-control\" id=\"searchText\" value=\"\">\n                        <\/div>\n                        <div class=\"form-group col-md-4 offset-md-8 text-end\">\n                            <a href=\"https:\/\/ambalkuwait.esteri.it\/it\/news\/dall_ambasciata\/\" title=\"Form reset\" id=\"resetImput\" class=\"btn btn-outline-primary btn-xs\">Reset<\/a>\n                            <button type=\"submit\" class=\"btn btn-primary btn-xs\">Mostra risultati<\/button>\n                        <\/div>\n                    <\/form>\n\t\t\t\t<\/div>\n\t\t\t<\/div>\n\t\t<\/div>\n                    \n            <div class=\"row\">\n                            <div class=\"col-12 mt-3\">\n                <!--start card-->\n                <div class=\"card-wrapper card-space\">\n                    <div class=\"card card-bg card-big border-bottom-card\">\n                        <div class=\"card-body \">\n                                                        <div class=\"category-top\">\n                                                                                                            <span class=\"\">\n                                        <svg class=\"icon icon-secondary\">\n                                            <use xlink:href=\"https:\/\/ambalkuwait.esteri.it\/wp-content\/themes\/sedi-tema\/assets\/svg\/sprites.svg#it-calendar\"><\/use>\n                                        <\/svg> 8 Agosto 2026                                    <\/span>\n                                                                    <\/div>\n                            <h5 class=\"card-title big-heading text-uppercase\"><a class=\"text-body text-decoration-none\" href=\"https:\/\/ambalkuwait.esteri.it\/it\/news\/dall_ambasciata\/2026\/08\/giornata-nazionale-del-sacrificio-del-lavoro-italiano-nel-mondo-8-agosto\/\" title=\"GIORNATA NAZIONALE DEL SACRIFICIO DEL LAVORO ITALIANO NEL MONDO (8 AGOSTO)\">GIORNATA NAZIONALE DEL SACRIFICIO DEL LAVORO ITALIANO NEL MONDO (8 AGOSTO)<\/a><\/h5>\n                            <p class=\"card-text\">In occasione dell\u20198 agosto, l\u2019Italia commemora la giornata nazionale del sacrificio del lavoro italiano nel mondo, una ricorrenza istituita nel 2001 per onorare la memoria dei connazionali caduti sul lavoro fuori e dentro i confini, che coincide con la commemorazione dell\u2019incidente minerario di Marcinelle, in Belgio, ove nel 1956, presso la miniera du Bois du [&hellip;]<\/p>\n                                <a title=\"GIORNATA NAZIONALE DEL SACRIFICIO DEL LAVORO ITALIANO NEL MONDO (8 AGOSTO)\" class=\"read-more\" href=\"https:\/\/ambalkuwait.esteri.it\/it\/news\/dall_ambasciata\/2026\/08\/giornata-nazionale-del-sacrificio-del-lavoro-italiano-nel-mondo-8-agosto\/\">\n                                    <span class=\"text\">Leggi di pi\u00f9<\/span>\n                                    <svg class=\"icon\">\n                                    <use xlink:href=\"https:\/\/ambalkuwait.esteri.it\/wp-content\/themes\/sedi-tema\/assets\/svg\/sprites.svg#it-arrow-right\"><\/use>\n                                    <\/svg>\n                                <\/a>\n                                                    <\/div>\n                    <\/div>\n                <\/div>\n                <!--end card-->\n                <\/div><!-- col-12 .mt-3-->\n                            <div class=\"col-12 mt-3\">\n                <!--start card-->\n                <div class=\"card-wrapper card-space\">\n                    <div class=\"card card-bg card-big border-bottom-card\">\n                        <div class=\"card-body \">\n                                                        <div class=\"category-top\">\n                                                                                                            <span class=\"\">\n                                        <svg class=\"icon icon-secondary\">\n                                            <use xlink:href=\"https:\/\/ambalkuwait.esteri.it\/wp-content\/themes\/sedi-tema\/assets\/svg\/sprites.svg#it-calendar\"><\/use>\n                                        <\/svg> 30 Luglio 2026                                    <\/span>\n                                                                    <\/div>\n                            <h5 class=\"card-title big-heading text-uppercase\"><a class=\"text-body text-decoration-none\" href=\"https:\/\/ambalkuwait.esteri.it\/it\/news\/dall_ambasciata\/2026\/07\/cessazione-della-validita-della-carta-didentita-cartacea-per-lespatrio-dal-3-agosto\/\" title=\"Cessazione della validit\u00e0 della carta d\u2019identit\u00e0 cartacea per l\u2019espatrio dal 3 agosto 2026\">Cessazione della validit\u00e0 della carta d\u2019identit\u00e0 cartacea per l\u2019espatrio dal 3 agosto 2026<\/a><\/h5>\n                            <p class=\"card-text\">A partire dal 3 agosto 2026 la versione cartacea della carta di identit\u00e0 cesser\u00e0 di essere valida per l\u2019espatrio, indipendentemente dalla data di scadenza riportata sul retro. Da quel momento, infatti, l\u2019unica versione valida per l\u2019espatrio sar\u00e0 la Carta d\u2019Identit\u00e0 Elettronica (CIE). Contatta il Consolato pi\u00f9 vicino a te per conoscere le modalit\u00e0 di rilascio [&hellip;]<\/p>\n                                <a title=\"Cessazione della validit\u00e0 della carta d\u2019identit\u00e0 cartacea per l\u2019espatrio dal 3 agosto 2026\" class=\"read-more\" href=\"https:\/\/ambalkuwait.esteri.it\/it\/news\/dall_ambasciata\/2026\/07\/cessazione-della-validita-della-carta-didentita-cartacea-per-lespatrio-dal-3-agosto\/\">\n                                    <span class=\"text\">Leggi di pi\u00f9<\/span>\n                                    <svg class=\"icon\">\n                                    <use xlink:href=\"https:\/\/ambalkuwait.esteri.it\/wp-content\/themes\/sedi-tema\/assets\/svg\/sprites.svg#it-arrow-right\"><\/use>\n                                    <\/svg>\n                                <\/a>\n                                                    <\/div>\n                    <\/div>\n                <\/div>\n                <!--end card-->\n                <\/div><!-- col-12 .mt-3-->\n                            <div class=\"col-12 mt-3\">\n                <!--start card-->\n                <div class=\"card-wrapper card-space\">\n                    <div class=\"card card-bg card-big border-bottom-card\">\n                        <div class=\"card-body \">\n                                                        <div class=\"category-top\">\n                                                                                                            <span class=\"\">\n                                        <svg class=\"icon icon-secondary\">\n                                            <use xlink:href=\"https:\/\/ambalkuwait.esteri.it\/wp-content\/themes\/sedi-tema\/assets\/svg\/sprites.svg#it-calendar\"><\/use>\n                                        <\/svg> 22 Luglio 2026                                    <\/span>\n                                                                    <\/div>\n                            <h5 class=\"card-title big-heading text-uppercase\"><a class=\"text-body text-decoration-none\" href=\"https:\/\/ambalkuwait.esteri.it\/it\/news\/dall_ambasciata\/2026\/07\/oggetto-3-borse-di-studio-icon-per-il-corso-di-laurea-in-lingua-e-cultura-italiana\/\" title=\"Oggetto: 3 Borse di studio ICoN per il Corso di laurea in Lingua e cultura italiana\">Oggetto: 3 Borse di studio ICoN per il Corso di laurea in Lingua e cultura italiana<\/a><\/h5>\n                            <p class=\"card-text\">ICoN &#8211; Italian Culture on the Net \u00e8 un consorzio di 12 Universit\u00e0 italiane (Alma Mater Studiorum Universit\u00e0 di Bologna, Universit\u00e0 degli Studi di Catania, Universit\u00e0 degli Studi di Genova, Universit\u00e0 degli Studi di Milano, Universit\u00e0 degli Studi di Padova, Universit\u00e0 di Parma, Universit\u00e0 di Pisa, Universit\u00e0 degli Studi di Roma Tor Vergata, Universit\u00e0 degli [&hellip;]<\/p>\n                                <a title=\"Oggetto: 3 Borse di studio ICoN per il Corso di laurea in Lingua e cultura italiana\" class=\"read-more\" href=\"https:\/\/ambalkuwait.esteri.it\/it\/news\/dall_ambasciata\/2026\/07\/oggetto-3-borse-di-studio-icon-per-il-corso-di-laurea-in-lingua-e-cultura-italiana\/\">\n                                    <span class=\"text\">Leggi di pi\u00f9<\/span>\n                                    <svg class=\"icon\">\n                                    <use xlink:href=\"https:\/\/ambalkuwait.esteri.it\/wp-content\/themes\/sedi-tema\/assets\/svg\/sprites.svg#it-arrow-right\"><\/use>\n                                    <\/svg>\n                                <\/a>\n                                                    <\/div>\n                    <\/div>\n                <\/div>\n                <!--end card-->\n                <\/div><!-- col-12 .mt-3-->\n                            <div class=\"col-12 mt-3\">\n                <!--start card-->\n                <div class=\"card-wrapper card-space\">\n                    <div class=\"card card-bg card-big border-bottom-card\">\n                        <div class=\"card-body \">\n                                                        <div class=\"category-top\">\n                                                                                                            <span class=\"\">\n                                        <svg class=\"icon icon-secondary\">\n                                            <use xlink:href=\"https:\/\/ambalkuwait.esteri.it\/wp-content\/themes\/sedi-tema\/assets\/svg\/sprites.svg#it-calendar\"><\/use>\n                                        <\/svg> 10 Giugno 2026                                    <\/span>\n                                                                    <\/div>\n                            <h5 class=\"card-title big-heading text-uppercase\"><a class=\"text-body text-decoration-none\" href=\"https:\/\/ambalkuwait.esteri.it\/it\/news\/dall_ambasciata\/2026\/06\/accademia-teatro-alla-scala-borse-di-studio-in-design-moda-e-business\/\" title=\"Accademia Teatro alla Scala \u2013 Borse di studio in Design, Moda e Business\">Accademia Teatro alla Scala \u2013 Borse di studio in Design, Moda e Business<\/a><\/h5>\n                            <p class=\"card-text\">L\u2019Accademia Teatro alla Scala, in partenariato con il Politecnico di Milano e in collaborazione con il Piccolo Teatro di Milano \u2013 Teatro d\u2019Europa, ha aperto le selezioni per il \u201cGlobal Master in Performing Arts Management\u201d. La scadenza per presentare la domanda \u00e8 fissata al 16 settembre 2026 per i cittadini extra-UE e al 30 settembre [&hellip;]<\/p>\n                                <a title=\"Accademia Teatro alla Scala \u2013 Borse di studio in Design, Moda e Business\" class=\"read-more\" href=\"https:\/\/ambalkuwait.esteri.it\/it\/news\/dall_ambasciata\/2026\/06\/accademia-teatro-alla-scala-borse-di-studio-in-design-moda-e-business\/\">\n                                    <span class=\"text\">Leggi di pi\u00f9<\/span>\n                                    <svg class=\"icon\">\n                                    <use xlink:href=\"https:\/\/ambalkuwait.esteri.it\/wp-content\/themes\/sedi-tema\/assets\/svg\/sprites.svg#it-arrow-right\"><\/use>\n                                    <\/svg>\n                                <\/a>\n                                                    <\/div>\n                    <\/div>\n                <\/div>\n                <!--end card-->\n                <\/div><!-- col-12 .mt-3-->\n                            <div class=\"col-12 mt-3\">\n                <!--start card-->\n                <div class=\"card-wrapper card-space\">\n                    <div class=\"card card-bg card-big border-bottom-card\">\n                        <div class=\"card-body \">\n                                                        <div class=\"category-top\">\n                                                                                                            <span class=\"\">\n                                        <svg class=\"icon icon-secondary\">\n                                            <use xlink:href=\"https:\/\/ambalkuwait.esteri.it\/wp-content\/themes\/sedi-tema\/assets\/svg\/sprites.svg#it-calendar\"><\/use>\n                                        <\/svg> 9 Giugno 2026                                    <\/span>\n                                                                    <\/div>\n                            <h5 class=\"card-title big-heading text-uppercase\"><a class=\"text-body text-decoration-none\" href=\"https:\/\/ambalkuwait.esteri.it\/it\/news\/dall_ambasciata\/2026\/06\/domus-academy-milano-borse-di-studio-in-design-moda-e-business\/\" title=\"Domus Academy Milano \u2013 Borse di studio in Design, Moda e Business\">Domus Academy Milano \u2013 Borse di studio in Design, Moda e Business<\/a><\/h5>\n                            <p class=\"card-text\">Sono disponibili borse di studio alla Domus Academy di Milano per corsi in Design, Moda e Business. La scadenza per presentare la domanda \u00e8 fissata al 19 giugno 2026. Per ulteriori dettagli, visita il link: https:\/\/competition.domusacademy.com\/<\/p>\n                                <a title=\"Domus Academy Milano \u2013 Borse di studio in Design, Moda e Business\" class=\"read-more\" href=\"https:\/\/ambalkuwait.esteri.it\/it\/news\/dall_ambasciata\/2026\/06\/domus-academy-milano-borse-di-studio-in-design-moda-e-business\/\">\n                                    <span class=\"text\">Leggi di pi\u00f9<\/span>\n                                    <svg class=\"icon\">\n                                    <use xlink:href=\"https:\/\/ambalkuwait.esteri.it\/wp-content\/themes\/sedi-tema\/assets\/svg\/sprites.svg#it-arrow-right\"><\/use>\n                                    <\/svg>\n                                <\/a>\n                                                    <\/div>\n                    <\/div>\n                <\/div>\n                <!--end card-->\n                <\/div><!-- col-12 .mt-3-->\n                            <div class=\"col-12 mt-3\">\n                <!--start card-->\n                <div class=\"card-wrapper card-space\">\n                    <div class=\"card card-bg card-big border-bottom-card\">\n                        <div class=\"card-body \">\n                                                        <div class=\"category-top\">\n                                                                                                            <span class=\"\">\n                                        <svg class=\"icon icon-secondary\">\n                                            <use xlink:href=\"https:\/\/ambalkuwait.esteri.it\/wp-content\/themes\/sedi-tema\/assets\/svg\/sprites.svg#it-calendar\"><\/use>\n                                        <\/svg> 8 Giugno 2026                                    <\/span>\n                                                                    <\/div>\n                            <h5 class=\"card-title big-heading text-uppercase\"><a class=\"text-body text-decoration-none\" href=\"https:\/\/ambalkuwait.esteri.it\/it\/news\/dall_ambasciata\/2026\/06\/avviso-pubblico-di-sponsorizzazione-per-la-ricerca-e-la-selezione-di-sponsor-per-lanno-2026\/\" title=\"AVVISO PUBBLICO DI SPONSORIZZAZIONE PER LA RICERCA E LA SELEZIONE DI SPONSOR PER L&#8217;ANNO 2026\">AVVISO PUBBLICO DI SPONSORIZZAZIONE PER LA RICERCA E LA SELEZIONE DI SPONSOR PER L&#8217;ANNO 2026<\/a><\/h5>\n                            <p class=\"card-text\">L\u2019Ambasciata d\u2019Italia in Kuwait rende noto che \u00e8 stato pubblicato un Avviso di sponsorizzazione unico relativo alla possibilit\u00e0 di stipulare con questa Ambasciata contratti di sponsorizzazione per la concessione di spazi pubblicitari per l&#8217;anno 2026, in cambio di un corrispettivo in denaro. Si prega di consultare la documentazione allegata: Avviso unico di sponsorizzazione 2026 Modello [&hellip;]<\/p>\n                                <a title=\"AVVISO PUBBLICO DI SPONSORIZZAZIONE PER LA RICERCA E LA SELEZIONE DI SPONSOR PER L&#8217;ANNO 2026\" class=\"read-more\" href=\"https:\/\/ambalkuwait.esteri.it\/it\/news\/dall_ambasciata\/2026\/06\/avviso-pubblico-di-sponsorizzazione-per-la-ricerca-e-la-selezione-di-sponsor-per-lanno-2026\/\">\n                                    <span class=\"text\">Leggi di pi\u00f9<\/span>\n                                    <svg class=\"icon\">\n                                    <use xlink:href=\"https:\/\/ambalkuwait.esteri.it\/wp-content\/themes\/sedi-tema\/assets\/svg\/sprites.svg#it-arrow-right\"><\/use>\n                                    <\/svg>\n                                <\/a>\n                                                    <\/div>\n                    <\/div>\n                <\/div>\n                <!--end card-->\n                <\/div><!-- col-12 .mt-3-->\n                            <div class=\"col-12 mt-3\">\n                <!--start card-->\n                <div class=\"card-wrapper card-space\">\n                    <div class=\"card card-bg card-big border-bottom-card\">\n                        <div class=\"card-body \">\n                                                        <div class=\"category-top\">\n                                                                                                            <span class=\"\">\n                                        <svg class=\"icon icon-secondary\">\n                                            <use xlink:href=\"https:\/\/ambalkuwait.esteri.it\/wp-content\/themes\/sedi-tema\/assets\/svg\/sprites.svg#it-calendar\"><\/use>\n                                        <\/svg> 2 Giugno 2026                                    <\/span>\n                                                                    <\/div>\n                            <h5 class=\"card-title big-heading text-uppercase\"><a class=\"text-body text-decoration-none\" href=\"https:\/\/ambalkuwait.esteri.it\/it\/news\/dall_ambasciata\/2026\/06\/2-giugno-2026-80-anniversario-della-repubblica-italiana\/\" title=\"2 giugno 2026 &#8211; 80\u00b0 Anniversario della Repubblica Italiana\">2 giugno 2026 &#8211; 80\u00b0 Anniversario della Repubblica Italiana<\/a><\/h5>\n                            <p class=\"card-text\">\u201cCari Italiani, ovunque voi siate nel mondo, buona Festa della Repubblica! Siete parte di una comunit\u00e0 forte delle proprie radici e unita nel segno del nostro amato tricolore.\u00a0Una comunit\u00e0 che guarda al futuro con fiducia, coraggio, talento e porta nel mondo il volto migliore dell\u2019Italia. Siamo orgogliosi degli 80 anni della nostra Repubblica, che ci [&hellip;]<\/p>\n                                <a title=\"2 giugno 2026 &#8211; 80\u00b0 Anniversario della Repubblica Italiana\" class=\"read-more\" href=\"https:\/\/ambalkuwait.esteri.it\/it\/news\/dall_ambasciata\/2026\/06\/2-giugno-2026-80-anniversario-della-repubblica-italiana\/\">\n                                    <span class=\"text\">Leggi di pi\u00f9<\/span>\n                                    <svg class=\"icon\">\n                                    <use xlink:href=\"https:\/\/ambalkuwait.esteri.it\/wp-content\/themes\/sedi-tema\/assets\/svg\/sprites.svg#it-arrow-right\"><\/use>\n                                    <\/svg>\n                                <\/a>\n                                                    <\/div>\n                    <\/div>\n                <\/div>\n                <!--end card-->\n                <\/div><!-- col-12 .mt-3-->\n                            <div class=\"col-12 mt-3\">\n                <!--start card-->\n                <div class=\"card-wrapper card-space\">\n                    <div class=\"card card-bg card-big border-bottom-card\">\n                        <div class=\"card-body \">\n                                                        <div class=\"category-top\">\n                                                                                                            <span class=\"\">\n                                        <svg class=\"icon icon-secondary\">\n                                            <use xlink:href=\"https:\/\/ambalkuwait.esteri.it\/wp-content\/themes\/sedi-tema\/assets\/svg\/sprites.svg#it-calendar\"><\/use>\n                                        <\/svg> 5 Maggio 2026                                    <\/span>\n                                                                    <\/div>\n                            <h5 class=\"card-title big-heading text-uppercase\"><a class=\"text-body text-decoration-none\" href=\"https:\/\/ambalkuwait.esteri.it\/it\/news\/dall_ambasciata\/2026\/05\/contributi-per-visite-di-ricercatori-docenti-esperti-personalita-della-cultura-e-operatori-culturali-esercizio-finanziario-2026-scad-31-luglio-2026\/\" title=\"CONTRIBUTI PER VISITE DI RICERCATORI, DOCENTI, ESPERTI, PERSONALIT\u00c0 DELLA CULTURA E OPERATORI CULTURALI &#8211; Esercizio Finanziario 2026 \u2013 Scad. 31 luglio 2026\">CONTRIBUTI PER VISITE DI RICERCATORI, DOCENTI, ESPERTI, PERSONALIT\u00c0 DELLA CULTURA E OPERATORI CULTURALI &#8211; Esercizio Finanziario 2026 \u2013 Scad. 31 luglio 2026<\/a><\/h5>\n                            <p class=\"card-text\">\u00a0Il MAECI eroga, a valere sul Cap. 2619\/7, contributi ad istanza di parte per: il finanziamento delle spese di viaggio e soggiorno di ricercatori, docenti, esperti, personalit\u00e0 della cultura e operatori culturali italiani o stranieri residenti in Italia da almeno due anni invitati all\u2019estero da Istituzioni universitarie o culturali straniere; contributi alle spese di viaggio [&hellip;]<\/p>\n                                <a title=\"CONTRIBUTI PER VISITE DI RICERCATORI, DOCENTI, ESPERTI, PERSONALIT\u00c0 DELLA CULTURA E OPERATORI CULTURALI &#8211; Esercizio Finanziario 2026 \u2013 Scad. 31 luglio 2026\" class=\"read-more\" href=\"https:\/\/ambalkuwait.esteri.it\/it\/news\/dall_ambasciata\/2026\/05\/contributi-per-visite-di-ricercatori-docenti-esperti-personalita-della-cultura-e-operatori-culturali-esercizio-finanziario-2026-scad-31-luglio-2026\/\">\n                                    <span class=\"text\">Leggi di pi\u00f9<\/span>\n                                    <svg class=\"icon\">\n                                    <use xlink:href=\"https:\/\/ambalkuwait.esteri.it\/wp-content\/themes\/sedi-tema\/assets\/svg\/sprites.svg#it-arrow-right\"><\/use>\n                                    <\/svg>\n                                <\/a>\n                                                    <\/div>\n                    <\/div>\n                <\/div>\n                <!--end card-->\n                <\/div><!-- col-12 .mt-3-->\n                            <div class=\"col-12 mt-3\">\n                <!--start card-->\n                <div class=\"card-wrapper card-space\">\n                    <div class=\"card card-bg card-big border-bottom-card\">\n                        <div class=\"card-body \">\n                                                        <div class=\"category-top\">\n                                                                                                            <span class=\"\">\n                                        <svg class=\"icon icon-secondary\">\n                                            <use xlink:href=\"https:\/\/ambalkuwait.esteri.it\/wp-content\/themes\/sedi-tema\/assets\/svg\/sprites.svg#it-calendar\"><\/use>\n                                        <\/svg> 21 Marzo 2026                                    <\/span>\n                                                                    <\/div>\n                            <h5 class=\"card-title big-heading text-uppercase\"><a class=\"text-body text-decoration-none\" href=\"https:\/\/ambalkuwait.esteri.it\/it\/news\/dall_ambasciata\/2026\/03\/pagamento-delle-pensioni-inps-allestero-campagna-di-accertamento-dellesistenza-in-vita\/\" title=\"Pagamento delle pensioni INPS all&#8217;estero &#8211; Campagna di accertamento dell&#8217;esistenza in vita\">Pagamento delle pensioni INPS all&#8217;estero &#8211; Campagna di accertamento dell&#8217;esistenza in vita<\/a><\/h5>\n                            <p class=\"card-text\">INPS ha comunicato l\u2019avvio della prima fase \u2013 da marzo a luglio 2026 \u2013 della campagna di accertamento dell\u2019esistenza in vita dei pensionati all\u2019estero. Si prega gli interessati di prendere visione del Messaggio INPS n. 3863 del 19\/12\/2025. Per le richieste di controfirma di un \u201ctestimone accettabile\u201d, si prega di inviare la richiesta di appuntamento [&hellip;]<\/p>\n                                <a title=\"Pagamento delle pensioni INPS all&#8217;estero &#8211; Campagna di accertamento dell&#8217;esistenza in vita\" class=\"read-more\" href=\"https:\/\/ambalkuwait.esteri.it\/it\/news\/dall_ambasciata\/2026\/03\/pagamento-delle-pensioni-inps-allestero-campagna-di-accertamento-dellesistenza-in-vita\/\">\n                                    <span class=\"text\">Leggi di pi\u00f9<\/span>\n                                    <svg class=\"icon\">\n                                    <use xlink:href=\"https:\/\/ambalkuwait.esteri.it\/wp-content\/themes\/sedi-tema\/assets\/svg\/sprites.svg#it-arrow-right\"><\/use>\n                                    <\/svg>\n                                <\/a>\n                                                    <\/div>\n                    <\/div>\n                <\/div>\n                <!--end card-->\n                <\/div><!-- col-12 .mt-3-->\n                            <div class=\"col-12 mt-3\">\n                <!--start card-->\n                <div class=\"card-wrapper card-space\">\n                    <div class=\"card card-bg card-big border-bottom-card\">\n                        <div class=\"card-body \">\n                                                        <div class=\"category-top\">\n                                                                                                            <span class=\"\">\n                                        <svg class=\"icon icon-secondary\">\n                                            <use xlink:href=\"https:\/\/ambalkuwait.esteri.it\/wp-content\/themes\/sedi-tema\/assets\/svg\/sprites.svg#it-calendar\"><\/use>\n                                        <\/svg> 16 Marzo 2026                                    <\/span>\n                                                                    <\/div>\n                            <h5 class=\"card-title big-heading text-uppercase\"><a class=\"text-body text-decoration-none\" href=\"https:\/\/ambalkuwait.esteri.it\/it\/news\/dall_ambasciata\/2026\/03\/borse-di-studio-offerte-dal-governo-italiano-a-studenti-stranieri-e-italiani-residenti-allestero-ire\/\" title=\"Borse di studio offerte dal Governo italiano a studenti stranieri e italiani residenti all\u2019estero (IRE)\">Borse di studio offerte dal Governo italiano a studenti stranieri e italiani residenti all\u2019estero (IRE)<\/a><\/h5>\n                            <p class=\"card-text\">Il\u00a0Ministero degli Affari Esteri e della Cooperazione Internazionale\u00a0(MAECI)\u00a0offre borse di studio\u00a0in favore di\u00a0studenti stranieri e Italiani Residenti all\u2019Estero (IRE)\u00a0per\u00a0l\u2019anno accademico 2026-2027, con l\u2019obiettivo di favorire la cooperazione in campo culturale, scientifico e tecnologico, la proiezione del sistema economico dell\u2019Italia nel mondo e la diffusione della conoscenza della lingua e cultura italiana (Rif. Legge 288\/55 e [&hellip;]<\/p>\n                                <a title=\"Borse di studio offerte dal Governo italiano a studenti stranieri e italiani residenti all\u2019estero (IRE)\" class=\"read-more\" href=\"https:\/\/ambalkuwait.esteri.it\/it\/news\/dall_ambasciata\/2026\/03\/borse-di-studio-offerte-dal-governo-italiano-a-studenti-stranieri-e-italiani-residenti-allestero-ire\/\">\n                                    <span class=\"text\">Leggi di pi\u00f9<\/span>\n                                    <svg class=\"icon\">\n                                    <use xlink:href=\"https:\/\/ambalkuwait.esteri.it\/wp-content\/themes\/sedi-tema\/assets\/svg\/sprites.svg#it-arrow-right\"><\/use>\n                                    <\/svg>\n                                <\/a>\n                                                    <\/div>\n                    <\/div>\n                <\/div>\n                <!--end card-->\n                <\/div><!-- col-12 .mt-3-->\n            \n            <div class=\"col-md-12 mt-4 pb-4\">\n                <nav class=\"navigation col-md-12\" aria-label=\"Navigation\">\n                    <h2 class=\"screen-reader-text visually-hidden\">Paginazione<\/h2>\n                    <div class=\"nav-links\">\n                    <span aria-current=\"page\" class=\"page-numbers current\">1<\/span>\n<a class=\"page-numbers\" href=\"https:\/\/ambalkuwait.esteri.it\/it\/wp-json\/wp\/v2\/pages\/33\/?pag=2\">2<\/a>\n<a class=\"page-numbers\" href=\"https:\/\/ambalkuwait.esteri.it\/it\/wp-json\/wp\/v2\/pages\/33\/?pag=3\">3<\/a>\n<span class=\"page-numbers dots\">&hellip;<\/span>\n<a class=\"page-numbers\" href=\"https:\/\/ambalkuwait.esteri.it\/it\/wp-json\/wp\/v2\/pages\/33\/?pag=57\">57<\/a>\n<a class=\"next page-numbers\" href=\"https:\/\/ambalkuwait.esteri.it\/it\/wp-json\/wp\/v2\/pages\/33\/?pag=2\"><svg class=\"icon icon-primary\"><use xlink:href=\"https:\/\/ambalkuwait.esteri.it\/wp-content\/themes\/sedi-tema\/assets\/svg\/sprites.svg#it-chevron-right\"><\/use><\/svg>\n                                    <span class=\"visually-hidden\">Pagina successiva<\/span><\/a>                    <\/div>\n                <\/nav>\n            <\/div>   <!--.col-md-12 -->\n              <\/div><!--.row -->\n              \n","protected":false},"excerpt":{"rendered":"","protected":false},"author":1,"featured_media":0,"parent":16,"menu_order":0,"comment_status":"closed","ping_status":"closed","template":"","meta":{"footnotes":""},"class_list":["post-33","page","type-page","status-publish","hentry"],"_links":{"self":[{"href":"https:\/\/ambalkuwait.esteri.it\/it\/wp-json\/wp\/v2\/pages\/33","targetHints":{"allow":["GET"]}}],"collection":[{"href":"https:\/\/ambalkuwait.esteri.it\/it\/wp-json\/wp\/v2\/pages"}],"about":[{"href":"https:\/\/ambalkuwait.esteri.it\/it\/wp-json\/wp\/v2\/types\/page"}],"author":[{"embeddable":true,"href":"https:\/\/ambalkuwait.esteri.it\/it\/wp-json\/wp\/v2\/users\/1"}],"replies":[{"embeddable":true,"href":"https:\/\/ambalkuwait.esteri.it\/it\/wp-json\/wp\/v2\/comments?post=33"}],"version-history":[{"count":1,"href":"https:\/\/ambalkuwait.esteri.it\/it\/wp-json\/wp\/v2\/pages\/33\/revisions"}],"predecessor-version":[{"id":34,"href":"https:\/\/ambalkuwait.esteri.it\/it\/wp-json\/wp\/v2\/pages\/33\/revisions\/34"}],"up":[{"embeddable":true,"href":"https:\/\/ambalkuwait.esteri.it\/it\/wp-json\/wp\/v2\/pages\/16"}],"wp:attachment":[{"href":"https:\/\/ambalkuwait.esteri.it\/it\/wp-json\/wp\/v2\/media?parent=33"}],"curies":[{"name":"wp","href":"https:\/\/api.w.org\/{rel}","templated":true}]}}